{"id":273,"date":"2023-01-09T21:56:17","date_gmt":"2023-01-09T21:56:17","guid":{"rendered":"https:\/\/pgcivilrightst.wpenginepowered.com\/?post_type=location&#038;p=273"},"modified":"2023-01-09T21:56:18","modified_gmt":"2023-01-09T21:56:18","slug":"the-heart-of-the-grove-in-laurel","status":"publish","type":"location","link":"https:\/\/pgcivilrightstrail.org\/es\/destinations\/the-heart-of-the-grove-in-laurel\/","title":{"rendered":"El coraz\u00f3n de \u201cThe Grove\u201d en Laurel"},"content":{"rendered":"<figure  class=\"appear-on-scroll wp-block-gallery    is-style-carousel wp-block-gallery-1 is-layout-flex wp-block-gallery-is-layout-flex\" ><div class=\"block-slides\"><figure  class=\"appear-on-scroll wp-block-image size-large\" ><div class=\"image\"><img loading=\"lazy\" decoding=\"async\" width=\"1024\" height=\"822\" data-id=\"278\" src=\"https:\/\/pgcivilrightstrail.org\/wp-content\/uploads\/2023\/01\/Emancipation-Day-Parade-2-1910-1024x822.jpg\" alt=\"\" class=\"wp-image-278\" srcset=\"https:\/\/pgcivilrightstrail.org\/wp-content\/uploads\/2023\/01\/Emancipation-Day-Parade-2-1910-1024x822.jpg 1024w, https:\/\/pgcivilrightstrail.org\/wp-content\/uploads\/2023\/01\/Emancipation-Day-Parade-2-1910-300x241.jpg 300w, https:\/\/pgcivilrightstrail.org\/wp-content\/uploads\/2023\/01\/Emancipation-Day-Parade-2-1910-768x616.jpg 768w, https:\/\/pgcivilrightstrail.org\/wp-content\/uploads\/2023\/01\/Emancipation-Day-Parade-2-1910-600x481.jpg 600w, https:\/\/pgcivilrightstrail.org\/wp-content\/uploads\/2023\/01\/Emancipation-Day-Parade-2-1910.jpg 1229w\" sizes=\"auto, (max-width: 1024px) 100vw, 1024px\" \/><\/div><\/figure>\n\n<figure  class=\"appear-on-scroll wp-block-image size-large\" ><div class=\"image\"><img loading=\"lazy\" decoding=\"async\" width=\"617\" height=\"917\" data-id=\"276\" src=\"https:\/\/pgcivilrightstrail.org\/wp-content\/uploads\/2023\/01\/St.-Marks-Church-1923-Frontview.jpg\" alt=\"\" class=\"wp-image-276\" srcset=\"https:\/\/pgcivilrightstrail.org\/wp-content\/uploads\/2023\/01\/St.-Marks-Church-1923-Frontview.jpg 617w, https:\/\/pgcivilrightstrail.org\/wp-content\/uploads\/2023\/01\/St.-Marks-Church-1923-Frontview-202x300.jpg 202w, https:\/\/pgcivilrightstrail.org\/wp-content\/uploads\/2023\/01\/St.-Marks-Church-1923-Frontview-600x892.jpg 600w\" sizes=\"auto, (max-width: 617px) 100vw, 617px\" \/><\/div><\/figure>\n\n<figure  class=\"appear-on-scroll wp-block-image size-large\" ><div class=\"image\"><img loading=\"lazy\" decoding=\"async\" width=\"616\" height=\"667\" data-id=\"277\" src=\"https:\/\/pgcivilrightstrail.org\/wp-content\/uploads\/2023\/01\/St.-Marks-Church-1923-Rear-view.jpg\" alt=\"\" class=\"wp-image-277\" srcset=\"https:\/\/pgcivilrightstrail.org\/wp-content\/uploads\/2023\/01\/St.-Marks-Church-1923-Rear-view.jpg 616w, https:\/\/pgcivilrightstrail.org\/wp-content\/uploads\/2023\/01\/St.-Marks-Church-1923-Rear-view-277x300.jpg 277w, https:\/\/pgcivilrightstrail.org\/wp-content\/uploads\/2023\/01\/St.-Marks-Church-1923-Rear-view-600x650.jpg 600w\" sizes=\"auto, (max-width: 616px) 100vw, 616px\" \/><\/div><\/figure>\n\n<figure  class=\"appear-on-scroll wp-block-image size-large\" ><div class=\"image\"><img loading=\"lazy\" decoding=\"async\" width=\"777\" height=\"746\" data-id=\"275\" src=\"https:\/\/pgcivilrightstrail.org\/wp-content\/uploads\/2023\/01\/St.-Marks-First-Sanctuary-1908.jpg\" alt=\"\" class=\"wp-image-275\" srcset=\"https:\/\/pgcivilrightstrail.org\/wp-content\/uploads\/2023\/01\/St.-Marks-First-Sanctuary-1908.jpg 777w, https:\/\/pgcivilrightstrail.org\/wp-content\/uploads\/2023\/01\/St.-Marks-First-Sanctuary-1908-300x288.jpg 300w, https:\/\/pgcivilrightstrail.org\/wp-content\/uploads\/2023\/01\/St.-Marks-First-Sanctuary-1908-768x737.jpg 768w, https:\/\/pgcivilrightstrail.org\/wp-content\/uploads\/2023\/01\/St.-Marks-First-Sanctuary-1908-600x576.jpg 600w\" sizes=\"auto, (max-width: 777px) 100vw, 777px\" \/><\/div><\/figure>\n\n<figure  class=\"appear-on-scroll wp-block-image size-large\" ><div class=\"image\"><img loading=\"lazy\" decoding=\"async\" width=\"443\" height=\"406\" data-id=\"274\" src=\"https:\/\/pgcivilrightstrail.org\/wp-content\/uploads\/2023\/01\/St.-Marks-Old-Pulpit.jpg\" alt=\"\" class=\"wp-image-274\" srcset=\"https:\/\/pgcivilrightstrail.org\/wp-content\/uploads\/2023\/01\/St.-Marks-Old-Pulpit.jpg 443w, https:\/\/pgcivilrightstrail.org\/wp-content\/uploads\/2023\/01\/St.-Marks-Old-Pulpit-300x275.jpg 300w\" sizes=\"auto, (max-width: 443px) 100vw, 443px\" \/><\/div><\/figure>\n\n<figure  class=\"appear-on-scroll wp-block-image size-large\" ><div class=\"image\"><img loading=\"lazy\" decoding=\"async\" width=\"1024\" height=\"768\" data-id=\"279\" src=\"https:\/\/pgcivilrightstrail.org\/wp-content\/uploads\/2023\/01\/St.-Marks-Old-Pageant-Picture-1940s-IMG_0277-1024x768.jpg\" alt=\"\" class=\"wp-image-279\" srcset=\"https:\/\/pgcivilrightstrail.org\/wp-content\/uploads\/2023\/01\/St.-Marks-Old-Pageant-Picture-1940s-IMG_0277-1024x768.jpg 1024w, https:\/\/pgcivilrightstrail.org\/wp-content\/uploads\/2023\/01\/St.-Marks-Old-Pageant-Picture-1940s-IMG_0277-300x225.jpg 300w, https:\/\/pgcivilrightstrail.org\/wp-content\/uploads\/2023\/01\/St.-Marks-Old-Pageant-Picture-1940s-IMG_0277-768x576.jpg 768w, https:\/\/pgcivilrightstrail.org\/wp-content\/uploads\/2023\/01\/St.-Marks-Old-Pageant-Picture-1940s-IMG_0277-1536x1152.jpg 1536w, https:\/\/pgcivilrightstrail.org\/wp-content\/uploads\/2023\/01\/St.-Marks-Old-Pageant-Picture-1940s-IMG_0277-2048x1536.jpg 2048w, https:\/\/pgcivilrightstrail.org\/wp-content\/uploads\/2023\/01\/St.-Marks-Old-Pageant-Picture-1940s-IMG_0277-2000x1500.jpg 2000w, https:\/\/pgcivilrightstrail.org\/wp-content\/uploads\/2023\/01\/St.-Marks-Old-Pageant-Picture-1940s-IMG_0277-600x450.jpg 600w\" sizes=\"auto, (max-width: 1024px) 100vw, 1024px\" \/><\/div><\/figure><\/div><span class=\"nav next\"><\/span><span class=\"nav prev\"><\/span><div class=\"block-caption\"><\/div><\/figure>\n\n<p class=\"appear-on-scroll\">La Iglesia Episcopal Metodista de St. Mark&#039;s fue fundada en 1890 y la iglesia que se encuentra aqu\u00ed hoy en d\u00eda se construy\u00f3 en 1923. St. Mark&#039;s se convirti\u00f3 en el punto central de Grove, donde los residentes se reun\u00edan para reuniones comunitarias, oraci\u00f3n y actividades como la Celebraci\u00f3n de la Proclamaci\u00f3n de la Emancipaci\u00f3n establecida en 1902, el evento comunitario m\u00e1s antiguo de Laurel. La iglesia particip\u00f3 en la defensa del movimiento de derechos civiles, incluida la organizaci\u00f3n de autobuses para la Marcha en Washington en 1963.<\/p>\n\n<p class=\"appear-on-scroll\">La importancia de St. Mark para la comunidad negra de Laurel tambi\u00e9n lo convirti\u00f3 en el objetivo del Ku Klux Klan local. Durante el fin de semana de Pascua de 1967, un miembro del Klan quem\u00f3 tres cruces en Laurel y dej\u00f3 una cuarta cruz sin encender en las afueras de St. Mark&#039;s. Las tensiones alcanzaron un punto \u00e1lgido el 10 de julio de 1967, cuando un grupo de iniciados del KKK intent\u00f3 prender fuego a San Marcos. Al darse cuenta de que la iglesia de bloques de cemento no se quemar\u00eda f\u00e1cilmente, intentaron prender fuego a una residencia cercana, que fue apagada r\u00e1pidamente. En respuesta, los residentes de Grove salieron a las calles. Para aliviar las tensiones y brindar seguridad a la comunidad, el reverendo John E. Evans de St. Mark&#039;s solicit\u00f3 que la polic\u00eda de Laurel estableciera una barricada nocturna para mantener alejados a los forasteros.<\/p>\n\n<p class=\"appear-on-scroll\">El 19 de julio, los l\u00edderes de la comunidad de Grove se reunieron con el alcalde de Laurel, Merrill Harrison, en el sal\u00f3n comunitario de la iglesia. Los residentes solicitaron mejoras en Grove y la integraci\u00f3n de la piscina de Laurel. En agosto, el alcalde Harrison inform\u00f3 sobre el progreso en la realizaci\u00f3n de algunas mejoras, incluida la integraci\u00f3n de la piscina, que reabri\u00f3 para todos el a\u00f1o siguiente. La polic\u00eda de Laurel arrestar\u00eda a cinco j\u00f3venes locales por el intento de incendio provocado.<\/p>\n\n<hr  class=\"appear-on-scroll wp-block-separator has-alpha-channel-opacity\" \/>\n\n<p class=\"appear-on-scroll\">St. Mark&#039;s Church fue fundada en 1890 y la iglesia que se encuentra de pie hoy fue construida en 1923. St, Mark &#039;s se convirti\u00f3 en el punto local de Grove donde los residentes se reun\u00edan para reuniones comunitarias, oraci\u00f3n y actividades como la Celebraci\u00f3n de la Proclamaci\u00f3n de Emancipaci\u00f3n establecida en 1902, el evento comunitario m\u00e1s antiguo de Laurel. La iglesia particip\u00f3 en la defensa de todo el movimiento de derechos civiles, incluida la organizaci\u00f3n de autobuses a la Marcha sobre Washington en 1963.<\/p>\n\n<p class=\"appear-on-scroll\">La importancia de St, Mark &#039;s para la comunidad negra de Laurel tambi\u00e9n lo convirti\u00f3 en el objetivo del Ku Klux Klan local. Durante el fin de semana de Pascua de 1967, un miembro del Klan quem\u00f3 tres cruces en Laurel, y dej\u00f3 una cuarta cruz sin quemar fuera de St. Mark&#039;s. Las tensiones alcanzaron un punto cr\u00edtico el 10 de julio de 1967, cuando un grupo de iniciados del KKK intent\u00f3 incendiar St, Mark &#039;s. Al darse cuenta de que la iglesia de bloques de cemento no se quemar\u00eda f\u00e1cilmente, intentaron prender fuego a una residencia cercana, que fue r\u00e1pidamente apagada. En respuesta, los residentes de Grove salieron a las calles. Para aliviar las tensiones y proporcionar seguridad a la comunidad, el reverendo John E. Evans de St. Mark &#039;s solicit\u00f3 que la polic\u00eda de Laurel estableciera una barricada nocturna para mantener alejados a los forasteros.<\/p>\n\n<p class=\"appear-on-scroll\">El 19 de julio, los l\u00edderes de la comunidad de Grove se ganaron con el alcalde de Laurel Merrill Harrison en el sal\u00f3n comunitario de la iglesia. Los residentes solicitaron mejoras en el Grove y la integraci\u00f3n de la piscina de Laurel. En agosto, el alcalde Harrison inform\u00f3 sobre el progreso en la realizaci\u00f3n de algunas mejoras, incluida la integraci\u00f3n de la piscina, que se abri\u00f3 para todos el a\u00f1o siguiente. La polic\u00eda de Laurel arrestar\u00eda a cinco j\u00f3venes locales por el intento de incendio provocado.<\/p>\n\n\n\n<ul  class=\"appear-on-scroll wp-block-social-links is-style-logos-only is-layout-flex wp-block-social-links-is-layout-flex\" ><li class=\"wp-social-link wp-social-link-facebook  wp-block-social-link\"><a href=\"https:\/\/www.facebook.com\/sharer\/sharer.php?dipslay=popup&#038;u\" class=\"wp-block-social-link-anchor\"><svg width=\"24\" height=\"24\" viewbox=\"0 0 24 24\" version=\"1.1\" xmlns=\"http:\/\/www.w3.org\/2000\/svg\" aria-hidden=\"true\" focusable=\"false\"><path d=\"M12 2C6.5 2 2 6.5 2 12c0 5 3.7 9.1 8.4 9.9v-7H7.9V12h2.5V9.8c0-2.5 1.5-3.9 3.8-3.9 1.1 0 2.2.2 2.2.2v2.5h-1.3c-1.2 0-1.6.8-1.6 1.6V12h2.8l-.4 2.9h-2.3v7C18.3 21.1 22 17 22 12c0-5.5-4.5-10-10-10z\"><\/path><\/svg><span class=\"wp-block-social-link-label screen-reader-text\">Facebook<\/span><\/a><\/li>\n\n<li class=\"wp-social-link wp-social-link-twitter  wp-block-social-link\"><a href=\"https:\/\/twitter.com\/intent\/tweet?url&#038;text\" class=\"wp-block-social-link-anchor\"><svg width=\"24\" height=\"24\" viewbox=\"0 0 24 24\" version=\"1.1\" xmlns=\"http:\/\/www.w3.org\/2000\/svg\" aria-hidden=\"true\" focusable=\"false\"><path d=\"M22.23,5.924c-0.736,0.326-1.527,0.547-2.357,0.646c0.847-0.508,1.498-1.312,1.804-2.27 c-0.793,0.47-1.671,0.812-2.606,0.996C18.324,4.498,17.257,4,16.077,4c-2.266,0-4.103,1.837-4.103,4.103 c0,0.322,0.036,0.635,0.106,0.935C8.67,8.867,5.647,7.234,3.623,4.751C3.27,5.357,3.067,6.062,3.067,6.814 c0,1.424,0.724,2.679,1.825,3.415c-0.673-0.021-1.305-0.206-1.859-0.513c0,0.017,0,0.034,0,0.052c0,1.988,1.414,3.647,3.292,4.023 c-0.344,0.094-0.707,0.144-1.081,0.144c-0.264,0-0.521-0.026-0.772-0.074c0.522,1.63,2.038,2.816,3.833,2.85 c-1.404,1.1-3.174,1.756-5.096,1.756c-0.331,0-0.658-0.019-0.979-0.057c1.816,1.164,3.973,1.843,6.29,1.843 c7.547,0,11.675-6.252,11.675-11.675c0-0.178-0.004-0.355-0.012-0.531C20.985,7.47,21.68,6.747,22.23,5.924z\"><\/path><\/svg><span class=\"wp-block-social-link-label screen-reader-text\">Gorjeo<\/span><\/a><\/li><\/ul>","protected":false},"excerpt":{"rendered":"<p>La Iglesia Episcopal Metodista de St. Mark&#039;s fue fundada en 1890 y la iglesia que se encuentra aqu\u00ed hoy se construy\u00f3 en 1923. St. Mark&#039;s se convirti\u00f3 en el punto focal de... <span class=\"more\"><a href=\"https:\/\/pgcivilrightstrail.org\/es\/destinations\/the-heart-of-the-grove-in-laurel\/\">Aprende m\u00e1s<\/a><\/span><\/p>","protected":false},"featured_media":277,"menu_order":0,"template":"","meta":{"featured_image_background_position":"","year":"","address-full":"601 8th St, Laurel, MD 20707","lat":39.10284,"lng":-76.85776,"promoted":false,"footnotes":""},"theme":[20],"taxonomy-location":[19],"class_list":["post-273","location","type-location","status-publish","has-post-thumbnail","hentry","theme-religion","taxonomy-location-location-273"],"yoast_head":"<!-- This site is optimized with the Yoast SEO plugin v26.6 - https:\/\/yoast.com\/wordpress\/plugins\/seo\/ -->\n<title>The Heart of &quot;The Grove&quot; in Laurel - Prince George&#039;s Civil Rights Trail<\/title>\n<meta name=\"robots\" content=\"index, follow, max-snippet:-1, max-image-preview:large, max-video-preview:-1\" \/>\n<link rel=\"canonical\" href=\"https:\/\/pgcivilrightstrail.org\/es\/destinations\/the-heart-of-the-grove-in-laurel\/\" \/>\n<meta property=\"og:locale\" content=\"es_MX\" \/>\n<meta property=\"og:type\" content=\"article\" \/>\n<meta property=\"og:title\" content=\"The Heart of &quot;The Grove&quot; in Laurel - Prince George&#039;s Civil Rights Trail\" \/>\n<meta property=\"og:description\" content=\"St. Mark&#8217;s Methodist Episcopal Church was founded in 1890 and the church here today was constructed in 1923. St. Mark&#8217;s became the focal point of &hellip; Learn More\" \/>\n<meta property=\"og:url\" content=\"https:\/\/pgcivilrightstrail.org\/es\/destinations\/the-heart-of-the-grove-in-laurel\/\" \/>\n<meta property=\"og:site_name\" content=\"Prince George&#039;s Civil Rights Trail\" \/>\n<meta property=\"article:publisher\" content=\"https:\/\/www.facebook.com\/mdmilestones\/\" \/>\n<meta property=\"article:modified_time\" content=\"2023-01-09T21:56:18+00:00\" \/>\n<meta property=\"og:image\" content=\"https:\/\/pgcivilrightstrail.org\/wp-content\/uploads\/2023\/01\/St.-Marks-Church-1923-Rear-view.jpg\" \/>\n\t<meta property=\"og:image:width\" content=\"616\" \/>\n\t<meta property=\"og:image:height\" content=\"667\" \/>\n\t<meta property=\"og:image:type\" content=\"image\/jpeg\" \/>\n<meta name=\"twitter:card\" content=\"summary_large_image\" \/>\n<meta name=\"twitter:site\" content=\"@mdmilestones\" \/>\n<meta name=\"twitter:label1\" content=\"Tiempo de lectura\" \/>\n\t<meta name=\"twitter:data1\" content=\"4 minutos\" \/>\n<script type=\"application\/ld+json\" class=\"yoast-schema-graph\">{\"@context\":\"https:\/\/schema.org\",\"@graph\":[{\"@type\":\"WebPage\",\"@id\":\"https:\/\/pgcivilrightstrail.org\/es\/destinations\/the-heart-of-the-grove-in-laurel\/\",\"url\":\"https:\/\/pgcivilrightstrail.org\/es\/destinations\/the-heart-of-the-grove-in-laurel\/\",\"name\":\"The Heart of \\\"The Grove\\\" in Laurel - Prince George&#039;s Civil Rights Trail\",\"isPartOf\":{\"@id\":\"https:\/\/pgcivilrightstrail.org\/#website\"},\"primaryImageOfPage\":{\"@id\":\"https:\/\/pgcivilrightstrail.org\/es\/destinations\/the-heart-of-the-grove-in-laurel\/#primaryimage\"},\"image\":{\"@id\":\"https:\/\/pgcivilrightstrail.org\/es\/destinations\/the-heart-of-the-grove-in-laurel\/#primaryimage\"},\"thumbnailUrl\":\"https:\/\/pgcivilrightstrail.org\/wp-content\/uploads\/2023\/01\/St.-Marks-Church-1923-Rear-view.jpg\",\"datePublished\":\"2023-01-09T21:56:17+00:00\",\"dateModified\":\"2023-01-09T21:56:18+00:00\",\"breadcrumb\":{\"@id\":\"https:\/\/pgcivilrightstrail.org\/es\/destinations\/the-heart-of-the-grove-in-laurel\/#breadcrumb\"},\"inLanguage\":\"es\",\"potentialAction\":[{\"@type\":\"ReadAction\",\"target\":[\"https:\/\/pgcivilrightstrail.org\/es\/destinations\/the-heart-of-the-grove-in-laurel\/\"]}]},{\"@type\":\"ImageObject\",\"inLanguage\":\"es\",\"@id\":\"https:\/\/pgcivilrightstrail.org\/es\/destinations\/the-heart-of-the-grove-in-laurel\/#primaryimage\",\"url\":\"https:\/\/pgcivilrightstrail.org\/wp-content\/uploads\/2023\/01\/St.-Marks-Church-1923-Rear-view.jpg\",\"contentUrl\":\"https:\/\/pgcivilrightstrail.org\/wp-content\/uploads\/2023\/01\/St.-Marks-Church-1923-Rear-view.jpg\",\"width\":616,\"height\":667},{\"@type\":\"BreadcrumbList\",\"@id\":\"https:\/\/pgcivilrightstrail.org\/es\/destinations\/the-heart-of-the-grove-in-laurel\/#breadcrumb\",\"itemListElement\":[{\"@type\":\"ListItem\",\"position\":1,\"name\":\"Home\",\"item\":\"https:\/\/pgcivilrightstrail.org\/\"},{\"@type\":\"ListItem\",\"position\":2,\"name\":\"The Heart of &#8220;The Grove&#8221; in Laurel\"}]},{\"@type\":\"WebSite\",\"@id\":\"https:\/\/pgcivilrightstrail.org\/#website\",\"url\":\"https:\/\/pgcivilrightstrail.org\/\",\"name\":\"Prince George&#039;s Civil Rights Trail\",\"description\":\"Learn about the civil rights history of the most affluent Black county in the United States.\",\"potentialAction\":[{\"@type\":\"SearchAction\",\"target\":{\"@type\":\"EntryPoint\",\"urlTemplate\":\"https:\/\/pgcivilrightstrail.org\/?s={search_term_string}\"},\"query-input\":{\"@type\":\"PropertyValueSpecification\",\"valueRequired\":true,\"valueName\":\"search_term_string\"}}],\"inLanguage\":\"es\"}]}<\/script>\n<!-- \/ Yoast SEO plugin. -->","yoast_head_json":{"title":"The Heart of \"The Grove\" in Laurel - Prince George&#039;s Civil Rights Trail","robots":{"index":"index","follow":"follow","max-snippet":"max-snippet:-1","max-image-preview":"max-image-preview:large","max-video-preview":"max-video-preview:-1"},"canonical":"https:\/\/pgcivilrightstrail.org\/es\/destinations\/the-heart-of-the-grove-in-laurel\/","og_locale":"es_MX","og_type":"article","og_title":"The Heart of \"The Grove\" in Laurel - Prince George&#039;s Civil Rights Trail","og_description":"St. Mark&#8217;s Methodist Episcopal Church was founded in 1890 and the church here today was constructed in 1923. St. Mark&#8217;s became the focal point of &hellip; Learn More","og_url":"https:\/\/pgcivilrightstrail.org\/es\/destinations\/the-heart-of-the-grove-in-laurel\/","og_site_name":"Prince George&#039;s Civil Rights Trail","article_publisher":"https:\/\/www.facebook.com\/mdmilestones\/","article_modified_time":"2023-01-09T21:56:18+00:00","og_image":[{"width":616,"height":667,"url":"https:\/\/pgcivilrightstrail.org\/wp-content\/uploads\/2023\/01\/St.-Marks-Church-1923-Rear-view.jpg","type":"image\/jpeg"}],"twitter_card":"summary_large_image","twitter_site":"@mdmilestones","twitter_misc":{"Tiempo de lectura":"4 minutos"},"schema":{"@context":"https:\/\/schema.org","@graph":[{"@type":"WebPage","@id":"https:\/\/pgcivilrightstrail.org\/es\/destinations\/the-heart-of-the-grove-in-laurel\/","url":"https:\/\/pgcivilrightstrail.org\/es\/destinations\/the-heart-of-the-grove-in-laurel\/","name":"The Heart of \"The Grove\" in Laurel - Prince George&#039;s Civil Rights Trail","isPartOf":{"@id":"https:\/\/pgcivilrightstrail.org\/#website"},"primaryImageOfPage":{"@id":"https:\/\/pgcivilrightstrail.org\/es\/destinations\/the-heart-of-the-grove-in-laurel\/#primaryimage"},"image":{"@id":"https:\/\/pgcivilrightstrail.org\/es\/destinations\/the-heart-of-the-grove-in-laurel\/#primaryimage"},"thumbnailUrl":"https:\/\/pgcivilrightstrail.org\/wp-content\/uploads\/2023\/01\/St.-Marks-Church-1923-Rear-view.jpg","datePublished":"2023-01-09T21:56:17+00:00","dateModified":"2023-01-09T21:56:18+00:00","breadcrumb":{"@id":"https:\/\/pgcivilrightstrail.org\/es\/destinations\/the-heart-of-the-grove-in-laurel\/#breadcrumb"},"inLanguage":"es","potentialAction":[{"@type":"ReadAction","target":["https:\/\/pgcivilrightstrail.org\/es\/destinations\/the-heart-of-the-grove-in-laurel\/"]}]},{"@type":"ImageObject","inLanguage":"es","@id":"https:\/\/pgcivilrightstrail.org\/es\/destinations\/the-heart-of-the-grove-in-laurel\/#primaryimage","url":"https:\/\/pgcivilrightstrail.org\/wp-content\/uploads\/2023\/01\/St.-Marks-Church-1923-Rear-view.jpg","contentUrl":"https:\/\/pgcivilrightstrail.org\/wp-content\/uploads\/2023\/01\/St.-Marks-Church-1923-Rear-view.jpg","width":616,"height":667},{"@type":"BreadcrumbList","@id":"https:\/\/pgcivilrightstrail.org\/es\/destinations\/the-heart-of-the-grove-in-laurel\/#breadcrumb","itemListElement":[{"@type":"ListItem","position":1,"name":"Home","item":"https:\/\/pgcivilrightstrail.org\/"},{"@type":"ListItem","position":2,"name":"The Heart of &#8220;The Grove&#8221; in Laurel"}]},{"@type":"WebSite","@id":"https:\/\/pgcivilrightstrail.org\/#website","url":"https:\/\/pgcivilrightstrail.org\/","name":"Ruta de los derechos civiles del Pr\u00edncipe George","description":"Conozca la historia de los derechos civiles del condado negro m\u00e1s pr\u00f3spero de los Estados Unidos.","potentialAction":[{"@type":"SearchAction","target":{"@type":"EntryPoint","urlTemplate":"https:\/\/pgcivilrightstrail.org\/?s={search_term_string}"},"query-input":{"@type":"PropertyValueSpecification","valueRequired":true,"valueName":"search_term_string"}}],"inLanguage":"es"}]}},"_links":{"self":[{"href":"https:\/\/pgcivilrightstrail.org\/es\/wp-json\/wp\/v2\/location\/273","targetHints":{"allow":["GET"]}}],"collection":[{"href":"https:\/\/pgcivilrightstrail.org\/es\/wp-json\/wp\/v2\/location"}],"about":[{"href":"https:\/\/pgcivilrightstrail.org\/es\/wp-json\/wp\/v2\/types\/location"}],"version-history":[{"count":0,"href":"https:\/\/pgcivilrightstrail.org\/es\/wp-json\/wp\/v2\/location\/273\/revisions"}],"wp:featuredmedia":[{"embeddable":true,"href":"https:\/\/pgcivilrightstrail.org\/es\/wp-json\/wp\/v2\/media\/277"}],"wp:attachment":[{"href":"https:\/\/pgcivilrightstrail.org\/es\/wp-json\/wp\/v2\/media?parent=273"}],"wp:term":[{"taxonomy":"theme","embeddable":true,"href":"https:\/\/pgcivilrightstrail.org\/es\/wp-json\/wp\/v2\/theme?post=273"},{"taxonomy":"taxonomy-location","embeddable":true,"href":"https:\/\/pgcivilrightstrail.org\/es\/wp-json\/wp\/v2\/taxonomy-location?post=273"}],"curies":[{"name":"wp","href":"https:\/\/api.w.org\/{rel}","templated":true}]}}